{"id":98,"date":"2026-09-04T12:51:43","date_gmt":"2026-09-04T09:51:43","guid":{"rendered":"https:\/\/top.nrgo.net\/?post_type=product&#038;p=98"},"modified":"2026-09-04T13:04:11","modified_gmt":"2026-09-04T10:04:11","slug":"varta-black-dynamic-41ah-a17-en360","status":"publish","type":"product","link":"https:\/\/top.nrgo.net\/?product=varta-black-dynamic-41ah-a17-en360","title":{"rendered":"VARTA Black Dynamic 41Ah A17 EN360"},"content":{"rendered":"<div class=\"uk-section uk-section-small uk-padding-remove-horizontal\">\n<div class=\"uk-container uk-padding-remove\">\n<h2 class=\"uk-margin-medium-bottom\">Beneficiile cheie ale Black Dynamic<\/h2>\n<div class=\"uk-grid-medium uk-child-width-1-3@m uk-child-width-1-1\" uk-grid=\"\">\n<div>\n<div class=\"uk-card uk-card-default uk-card-body uk-height-1-1 uk-text-center\">\n<p><img loading=\"lazy\" decoding=\"async\" class=\"uk-margin-bottom\" src=\"https:\/\/dusj4r71pmvop.cloudfront.net\/8815\/1379\/8110\/made_germany_icon.png\" alt=\"Proiectat\u0103 la standarde germane\" width=\"80\" height=\"80\" \/><\/p>\n<p class=\"uk-margin-remove\"><strong><br \/>\nProiectat\u0103 la cele mai ridicate standarde germane.<br \/>\n<\/strong><\/p>\n<\/div>\n<\/div>\n<div>\n<div class=\"uk-card uk-card-default uk-card-body uk-height-1-1 uk-text-center\">\n<p><img loading=\"lazy\" decoding=\"async\" class=\"uk-margin-bottom\" src=\"https:\/\/dusj4r71pmvop.cloudfront.net\/9915\/1379\/8130\/powerframe.png\" alt=\"Tehnologia PowerFrame\" width=\"80\" height=\"80\" \/><\/p>\n<p class=\"uk-margin-remove\"><strong><br \/>\nTehnologia grilei PowerFrame\u00ae este patentat\u0103 pentru o putere de pornire sigur\u0103, pentru o re\u00eenc\u0103rcare rapid\u0103 \u0219i pentru rezisten\u021b\u0103 la coroziune.<br \/>\n<\/strong><\/p>\n<\/div>\n<\/div>\n<div>\n<div class=\"uk-card uk-card-default uk-card-body uk-height-1-1 uk-text-center\">\n<p><img loading=\"lazy\" decoding=\"async\" class=\"uk-margin-bottom\" src=\"https:\/\/dusj4r71pmvop.cloudfront.net\/2415\/1379\/8135\/oe_icon.png\" alt=\"Respect\u0103 cerin\u021bele OE\" width=\"80\" height=\"80\" \/><\/p>\n<p class=\"uk-margin-remove\"><strong><br \/>\nRespect\u0103 cerin\u021bele OE ca pies\u0103 de schimb corespunz\u0103toare.<br \/>\n<\/strong><\/p>\n<\/div>\n<\/div>\n<\/div>\n<div class=\"uk-margin-large-top\">\n<h2 class=\"uk-margin-medium-bottom\">Conceput\u0103 pentru automobile cu necesit\u0103\u021bi energetice de baz\u0103<\/h2>\n<div class=\"uk-background-muted uk-padding\">\n<ul class=\"uk-list uk-list-divider uk-margin-remove\">\n<li class=\"uk-padding-small\"><strong><br \/>\nFabricat\u0103 pentru vehicule mai vechi, construite \u00eenainte de anul 2000<br \/>\n<\/strong><\/li>\n<li class=\"uk-padding-small\"><strong><br \/>\nBaterie care nu necesit\u0103 \u00eentre\u021binere<br \/>\n<\/strong><\/li>\n<li class=\"uk-padding-small\"><strong><br \/>\nDisponibil\u0103 \u00een 13 modele av\u00e2nd capacitate, CCA \u0219i dimensiuni variabile<br \/>\n<\/strong><\/li>\n<li class=\"uk-padding-small\"><strong><br \/>\nReciclabil\u0103 \u0219i fabricat\u0103 \u00eentr-un mod care asigur\u0103 economisirea energiei<br \/>\n<\/strong><\/li>\n<\/ul>\n<\/div>\n<\/div>\n<div class=\"uk-alert-primary uk-margin-large-top\" uk-alert=\"\">\n<p class=\"uk-margin-remove\"><strong>Re\u021bine\u021bi:<\/strong> bateriile trebuie \u00eentotdeauna \u00eenlocuite cu unele echivalente, care satisfac cerin\u021bele automobilului.<\/p>\n<\/div>\n<\/div>\n<\/div>\n","protected":false},"excerpt":{"rendered":"<div class=\"uk-text-small\">\n<p class=\"uk-margin-small-bottom\">\n        <strong>VARTA Black Dynamic<\/strong> este conceput\u0103 pentru automobile cu necesit\u0103\u021bi energetice de baz\u0103, \u00een special pentru vehicule mai vechi, construite \u00eenainte de anul 2000.\n    <\/p>\n<ul class=\"uk-list uk-list-bullet uk-margin-small-top\">\n<li>Tehnologie patentat\u0103 PowerFrame\u00ae<\/li>\n<li>Putere de pornire sigur\u0103 \u0219i re\u00eenc\u0103rcare rapid\u0103<\/li>\n<li>Nu necesit\u0103 \u00eentre\u021binere<\/li>\n<li>Respect\u0103 cerin\u021bele OE<\/li>\n<li>Reciclabil\u0103 \u0219i fabricat\u0103 cu economie de energie<\/li>\n<\/ul>\n<\/div>\n","protected":false},"featured_media":99,"comment_status":"open","ping_status":"closed","template":"","meta":{"_acf_changed":false},"product_brand":[],"product_cat":[23,24],"product_tag":[],"class_list":["post-98","product","type-product","status-publish","has-post-thumbnail","product_cat-varta","product_cat-varta-dynamic-sli","first","instock","shipping-taxable","purchasable","product-type-simple"],"acf":[],"_links":{"self":[{"href":"https:\/\/top.nrgo.net\/index.php?rest_route=\/wp\/v2\/product\/98","targetHints":{"allow":["GET"]}}],"collection":[{"href":"https:\/\/top.nrgo.net\/index.php?rest_route=\/wp\/v2\/product"}],"about":[{"href":"https:\/\/top.nrgo.net\/index.php?rest_route=\/wp\/v2\/types\/product"}],"replies":[{"embeddable":true,"href":"https:\/\/top.nrgo.net\/index.php?rest_route=%2Fwp%2Fv2%2Fcomments&post=98"}],"wp:featuredmedia":[{"embeddable":true,"href":"https:\/\/top.nrgo.net\/index.php?rest_route=\/wp\/v2\/media\/99"}],"wp:attachment":[{"href":"https:\/\/top.nrgo.net\/index.php?rest_route=%2Fwp%2Fv2%2Fmedia&parent=98"}],"wp:term":[{"taxonomy":"product_brand","embeddable":true,"href":"https:\/\/top.nrgo.net\/index.php?rest_route=%2Fwp%2Fv2%2Fproduct_brand&post=98"},{"taxonomy":"product_cat","embeddable":true,"href":"https:\/\/top.nrgo.net\/index.php?rest_route=%2Fwp%2Fv2%2Fproduct_cat&post=98"},{"taxonomy":"product_tag","embeddable":true,"href":"https:\/\/top.nrgo.net\/index.php?rest_route=%2Fwp%2Fv2%2Fproduct_tag&post=98"}],"curies":[{"name":"wp","href":"https:\/\/api.w.org\/{rel}","templated":true}]}}